{"id":44146,"date":"2023-09-22T09:30:17","date_gmt":"2023-09-22T13:30:17","guid":{"rendered":"https:\/\/www.ottawafoodbank.ca\/event\/thanks-for-giving-food-drive-7\/"},"modified":"2023-09-22T09:33:56","modified_gmt":"2023-09-22T13:33:56","slug":"collecte-daliments-de-laction-de-grace-2","status":"publish","type":"tribe_events","link":"https:\/\/www.ottawafoodbank.ca\/fr\/event\/collecte-daliments-de-laction-de-grace-2\/","title":{"rendered":"Collecte d\u2019aliments de l\u2019Action de gr\u00e2ce"},"content":{"rendered":"<p>Ne manquez pas<strong>\u00a0<a href=\"https:\/\/ofb.volunteerhub.com\/\">les meilleurs b\u00e9n\u00e9voles d\u2019Ottawa<\/a><\/strong>\u00a0dans votre \u00e9picerie locale\u00a0<strong>le samedi 7 octobre, 2023<\/strong>, pendant le long week-end de l\u2019Action de gr\u00e2ce ! Nos b\u00e9n\u00e9voles vous encourageront \u00e0 donner g\u00e9n\u00e9reusement en ce d\u00e9but de saison des dons.<\/p>\n<p>De nombreux magasins proposeront des<strong>\u00a0sacs pr\u00e9emball\u00e9s<\/strong>\u00a0pour faciliter les dons ! Si vous pr\u00e9f\u00e9rez choisir et remplir les articles de votre choix, c\u2019est \u00e9galement un excellent moyen de faire un don.<\/p>\n<p><strong>Les \u00e9piceries participantes incluent :<\/strong><\/p>\n<p><img fetchpriority=\"high\" decoding=\"async\" class=\"alignnone wp-image-44142 size-large\" src=\"https:\/\/www.ottawafoodbank.ca\/wp-content\/uploads\/2023\/09\/T4G-locations-FR-1024x576.png\" alt=\"\" width=\"800\" height=\"450\" srcset=\"https:\/\/www.ottawafoodbank.ca\/wp-content\/uploads\/2023\/09\/T4G-locations-FR-1024x576.png 1024w, https:\/\/www.ottawafoodbank.ca\/wp-content\/uploads\/2023\/09\/T4G-locations-FR-300x169.png 300w, https:\/\/www.ottawafoodbank.ca\/wp-content\/uploads\/2023\/09\/T4G-locations-FR-768x432.png 768w, https:\/\/www.ottawafoodbank.ca\/wp-content\/uploads\/2023\/09\/T4G-locations-FR-1536x864.png 1536w, https:\/\/www.ottawafoodbank.ca\/wp-content\/uploads\/2023\/09\/T4G-locations-FR.png 1920w\" sizes=\"(max-width: 800px) 100vw, 800px\" \/><\/p>\n<p>&nbsp;<\/p>\n<p><strong>BESOIN DE B\u00c9N\u00c9VOLES :<\/strong> Vous souhaitez faire du b\u00e9n\u00e9volat pendant notre campagne de collecte de denr\u00e9es alimentaires \u00ab\u00a0Thanks for Giving\u00a0\u00bb ? Vous pouvez encourager les clients \u00e0 faire un don et soutenir la communaut\u00e9. <a href=\"https:\/\/ofb.volunteerhub.com\/vv2\/\">Rendez-vous sur notre calendrier des b\u00e9n\u00e9voles<\/a> et faites d\u00e9filer l&rsquo;\u00e9cran pour d\u00e9couvrir tous les lieux participants disponibles le 7 octobre.<\/p>\n","protected":false},"excerpt":{"rendered":"<span class='fb-upcoming-event-date'>October 7, 2023<\/span><p>Ne manquez pas\u00a0les meilleurs b\u00e9n\u00e9voles d\u2019Ottawa\u00a0dans votre \u00e9picerie locale\u00a0le samedi 7 octobre, 2023, pendant le long week-end de l\u2019Action de gr\u00e2ce ! Nos b\u00e9n\u00e9voles vous encourageront \u00e0 donner g\u00e9n\u00e9reusement en [&hellip;]<\/p>\n","protected":false},"author":1,"featured_media":44138,"template":"","meta":{"_acf_changed":false,"inline_featured_image":false,"_tribe_events_status":"","_tribe_events_status_reason":"","_tribe_events_is_hybrid":"","_tribe_events_is_virtual":"","_tribe_events_virtual_video_source":"","_tribe_events_virtual_embed_video":"","_tribe_events_virtual_linked_button_text":"","_tribe_events_virtual_linked_button":"","_tribe_events_virtual_show_embed_at":"","_tribe_events_virtual_show_embed_to":[],"_tribe_events_virtual_show_on_event":"","_tribe_events_virtual_show_on_views":"","_tribe_events_virtual_url":"","footnotes":""},"tags":[],"tribe_events_cat":[73],"class_list":["post-44146","tribe_events","type-tribe_events","status-publish","has-post-thumbnail","hentry","tribe_events_cat-food-drive-fr","cat_food-drive-fr"],"acf":[],"yoast_head":"<!-- This site is optimized with the Yoast SEO plugin v27.4 - https:\/\/yoast.com\/product\/yoast-seo-wordpress\/ -->\n<title>Collecte d\u2019aliments de l\u2019Action de gr\u00e2ce - Ottawa Food Bank<\/title>\n<meta name=\"robots\" content=\"index, follow, max-snippet:-1, max-image-preview:large, max-video-preview:-1\" \/>\n<link rel=\"canonical\" href=\"https:\/\/www.ottawafoodbank.ca\/fr\/event\/collecte-daliments-de-laction-de-grace-2\/\" \/>\n<meta property=\"og:locale\" content=\"fr_FR\" \/>\n<meta property=\"og:type\" content=\"article\" \/>\n<meta property=\"og:title\" content=\"Collecte d\u2019aliments de l\u2019Action de gr\u00e2ce - Ottawa Food Bank\" \/>\n<meta property=\"og:description\" content=\"Ne manquez pas\u00a0les meilleurs b\u00e9n\u00e9voles d\u2019Ottawa\u00a0dans votre \u00e9picerie locale\u00a0le samedi 7 octobre, 2023, pendant le long week-end de l\u2019Action de gr\u00e2ce ! Nos b\u00e9n\u00e9voles vous encourageront \u00e0 donner g\u00e9n\u00e9reusement en [&hellip;]\" \/>\n<meta property=\"og:url\" content=\"https:\/\/www.ottawafoodbank.ca\/fr\/event\/collecte-daliments-de-laction-de-grace-2\/\" \/>\n<meta property=\"og:site_name\" content=\"Ottawa Food Bank\" \/>\n<meta property=\"article:publisher\" content=\"http:\/\/www.facebook.com\/OttawaFoodBank\" \/>\n<meta property=\"article:modified_time\" content=\"2023-09-22T13:33:56+00:00\" \/>\n<meta property=\"og:image\" content=\"https:\/\/www.ottawafoodbank.ca\/wp-content\/uploads\/2023\/09\/Thanks-for-Giving-FR.png\" \/>\n\t<meta property=\"og:image:width\" content=\"1920\" \/>\n\t<meta property=\"og:image:height\" content=\"1080\" \/>\n\t<meta property=\"og:image:type\" content=\"image\/png\" \/>\n<meta name=\"twitter:card\" content=\"summary_large_image\" \/>\n<meta name=\"twitter:site\" content=\"@OttawaFoodBank\" \/>\n<meta name=\"twitter:label1\" content=\"Dur\u00e9e de lecture estim\u00e9e\" \/>\n\t<meta name=\"twitter:data1\" content=\"1 minute\" \/>\n<script type=\"application\/ld+json\" class=\"yoast-schema-graph\">{\"@context\":\"https:\\\/\\\/schema.org\",\"@graph\":[{\"@type\":\"WebPage\",\"@id\":\"https:\\\/\\\/www.ottawafoodbank.ca\\\/fr\\\/event\\\/collecte-daliments-de-laction-de-grace-2\\\/\",\"url\":\"https:\\\/\\\/www.ottawafoodbank.ca\\\/fr\\\/event\\\/collecte-daliments-de-laction-de-grace-2\\\/\",\"name\":\"Collecte d\u2019aliments de l\u2019Action de gr\u00e2ce - Ottawa Food Bank\",\"isPartOf\":{\"@id\":\"https:\\\/\\\/www.ottawafoodbank.ca\\\/fr\\\/#website\"},\"primaryImageOfPage\":{\"@id\":\"https:\\\/\\\/www.ottawafoodbank.ca\\\/fr\\\/event\\\/collecte-daliments-de-laction-de-grace-2\\\/#primaryimage\"},\"image\":{\"@id\":\"https:\\\/\\\/www.ottawafoodbank.ca\\\/fr\\\/event\\\/collecte-daliments-de-laction-de-grace-2\\\/#primaryimage\"},\"thumbnailUrl\":\"https:\\\/\\\/www.ottawafoodbank.ca\\\/wp-content\\\/uploads\\\/2023\\\/09\\\/Thanks-for-Giving-FR.png\",\"datePublished\":\"2023-09-22T13:30:17+00:00\",\"dateModified\":\"2023-09-22T13:33:56+00:00\",\"breadcrumb\":{\"@id\":\"https:\\\/\\\/www.ottawafoodbank.ca\\\/fr\\\/event\\\/collecte-daliments-de-laction-de-grace-2\\\/#breadcrumb\"},\"inLanguage\":\"fr-FR\",\"potentialAction\":[{\"@type\":\"ReadAction\",\"target\":[\"https:\\\/\\\/www.ottawafoodbank.ca\\\/fr\\\/event\\\/collecte-daliments-de-laction-de-grace-2\\\/\"]}]},{\"@type\":\"ImageObject\",\"inLanguage\":\"fr-FR\",\"@id\":\"https:\\\/\\\/www.ottawafoodbank.ca\\\/fr\\\/event\\\/collecte-daliments-de-laction-de-grace-2\\\/#primaryimage\",\"url\":\"https:\\\/\\\/www.ottawafoodbank.ca\\\/wp-content\\\/uploads\\\/2023\\\/09\\\/Thanks-for-Giving-FR.png\",\"contentUrl\":\"https:\\\/\\\/www.ottawafoodbank.ca\\\/wp-content\\\/uploads\\\/2023\\\/09\\\/Thanks-for-Giving-FR.png\",\"width\":1920,\"height\":1080},{\"@type\":\"BreadcrumbList\",\"@id\":\"https:\\\/\\\/www.ottawafoodbank.ca\\\/fr\\\/event\\\/collecte-daliments-de-laction-de-grace-2\\\/#breadcrumb\",\"itemListElement\":[{\"@type\":\"ListItem\",\"position\":1,\"name\":\"Accueil\",\"item\":\"https:\\\/\\\/www.ottawafoodbank.ca\\\/fr\\\/accueil\\\/\"},{\"@type\":\"ListItem\",\"position\":2,\"name\":\"\u00c9v\u00e8nements\",\"item\":\"https:\\\/\\\/www.ottawafoodbank.ca\\\/fr\\\/events\\\/\"},{\"@type\":\"ListItem\",\"position\":3,\"name\":\"Collecte d\u2019aliments de l\u2019Action de gr\u00e2ce\"}]},{\"@type\":\"WebSite\",\"@id\":\"https:\\\/\\\/www.ottawafoodbank.ca\\\/fr\\\/#website\",\"url\":\"https:\\\/\\\/www.ottawafoodbank.ca\\\/fr\\\/\",\"name\":\"Ottawa Food Bank\",\"description\":\"People succeed when they aren&#039;t hungry. We make that happen.\",\"publisher\":{\"@id\":\"https:\\\/\\\/www.ottawafoodbank.ca\\\/fr\\\/#organization\"},\"potentialAction\":[{\"@type\":\"SearchAction\",\"target\":{\"@type\":\"EntryPoint\",\"urlTemplate\":\"https:\\\/\\\/www.ottawafoodbank.ca\\\/fr\\\/?s={search_term_string}\"},\"query-input\":{\"@type\":\"PropertyValueSpecification\",\"valueRequired\":true,\"valueName\":\"search_term_string\"}}],\"inLanguage\":\"fr-FR\"},{\"@type\":\"Organization\",\"@id\":\"https:\\\/\\\/www.ottawafoodbank.ca\\\/fr\\\/#organization\",\"name\":\"Ottawa Food Bank\",\"url\":\"https:\\\/\\\/www.ottawafoodbank.ca\\\/fr\\\/\",\"logo\":{\"@type\":\"ImageObject\",\"inLanguage\":\"fr-FR\",\"@id\":\"https:\\\/\\\/www.ottawafoodbank.ca\\\/fr\\\/#\\\/schema\\\/logo\\\/image\\\/\",\"url\":\"https:\\\/\\\/www.ottawafoodbank.ca\\\/wp-content\\\/uploads\\\/2019\\\/07\\\/OFB-logo2011-R-BILING.jpg\",\"contentUrl\":\"https:\\\/\\\/www.ottawafoodbank.ca\\\/wp-content\\\/uploads\\\/2019\\\/07\\\/OFB-logo2011-R-BILING.jpg\",\"width\":466,\"height\":259,\"caption\":\"Ottawa Food Bank\"},\"image\":{\"@id\":\"https:\\\/\\\/www.ottawafoodbank.ca\\\/fr\\\/#\\\/schema\\\/logo\\\/image\\\/\"},\"sameAs\":[\"http:\\\/\\\/www.facebook.com\\\/OttawaFoodBank\",\"https:\\\/\\\/x.com\\\/OttawaFoodBank\",\"https:\\\/\\\/instagram.com\\\/ottawafoodbank\",\"http:\\\/\\\/www.youtube.com\\\/ottawafoodbank\"]}]}<\/script>\n<!-- \/ Yoast SEO plugin. -->","yoast_head_json":{"title":"Collecte d\u2019aliments de l\u2019Action de gr\u00e2ce - Ottawa Food Bank","robots":{"index":"index","follow":"follow","max-snippet":"max-snippet:-1","max-image-preview":"max-image-preview:large","max-video-preview":"max-video-preview:-1"},"canonical":"https:\/\/www.ottawafoodbank.ca\/fr\/event\/collecte-daliments-de-laction-de-grace-2\/","og_locale":"fr_FR","og_type":"article","og_title":"Collecte d\u2019aliments de l\u2019Action de gr\u00e2ce - Ottawa Food Bank","og_description":"Ne manquez pas\u00a0les meilleurs b\u00e9n\u00e9voles d\u2019Ottawa\u00a0dans votre \u00e9picerie locale\u00a0le samedi 7 octobre, 2023, pendant le long week-end de l\u2019Action de gr\u00e2ce ! Nos b\u00e9n\u00e9voles vous encourageront \u00e0 donner g\u00e9n\u00e9reusement en [&hellip;]","og_url":"https:\/\/www.ottawafoodbank.ca\/fr\/event\/collecte-daliments-de-laction-de-grace-2\/","og_site_name":"Ottawa Food Bank","article_publisher":"http:\/\/www.facebook.com\/OttawaFoodBank","article_modified_time":"2023-09-22T13:33:56+00:00","og_image":[{"width":1920,"height":1080,"url":"https:\/\/www.ottawafoodbank.ca\/wp-content\/uploads\/2023\/09\/Thanks-for-Giving-FR.png","type":"image\/png"}],"twitter_card":"summary_large_image","twitter_site":"@OttawaFoodBank","twitter_misc":{"Dur\u00e9e de lecture estim\u00e9e":"1 minute"},"schema":{"@context":"https:\/\/schema.org","@graph":[{"@type":"WebPage","@id":"https:\/\/www.ottawafoodbank.ca\/fr\/event\/collecte-daliments-de-laction-de-grace-2\/","url":"https:\/\/www.ottawafoodbank.ca\/fr\/event\/collecte-daliments-de-laction-de-grace-2\/","name":"Collecte d\u2019aliments de l\u2019Action de gr\u00e2ce - Ottawa Food Bank","isPartOf":{"@id":"https:\/\/www.ottawafoodbank.ca\/fr\/#website"},"primaryImageOfPage":{"@id":"https:\/\/www.ottawafoodbank.ca\/fr\/event\/collecte-daliments-de-laction-de-grace-2\/#primaryimage"},"image":{"@id":"https:\/\/www.ottawafoodbank.ca\/fr\/event\/collecte-daliments-de-laction-de-grace-2\/#primaryimage"},"thumbnailUrl":"https:\/\/www.ottawafoodbank.ca\/wp-content\/uploads\/2023\/09\/Thanks-for-Giving-FR.png","datePublished":"2023-09-22T13:30:17+00:00","dateModified":"2023-09-22T13:33:56+00:00","breadcrumb":{"@id":"https:\/\/www.ottawafoodbank.ca\/fr\/event\/collecte-daliments-de-laction-de-grace-2\/#breadcrumb"},"inLanguage":"fr-FR","potentialAction":[{"@type":"ReadAction","target":["https:\/\/www.ottawafoodbank.ca\/fr\/event\/collecte-daliments-de-laction-de-grace-2\/"]}]},{"@type":"ImageObject","inLanguage":"fr-FR","@id":"https:\/\/www.ottawafoodbank.ca\/fr\/event\/collecte-daliments-de-laction-de-grace-2\/#primaryimage","url":"https:\/\/www.ottawafoodbank.ca\/wp-content\/uploads\/2023\/09\/Thanks-for-Giving-FR.png","contentUrl":"https:\/\/www.ottawafoodbank.ca\/wp-content\/uploads\/2023\/09\/Thanks-for-Giving-FR.png","width":1920,"height":1080},{"@type":"BreadcrumbList","@id":"https:\/\/www.ottawafoodbank.ca\/fr\/event\/collecte-daliments-de-laction-de-grace-2\/#breadcrumb","itemListElement":[{"@type":"ListItem","position":1,"name":"Accueil","item":"https:\/\/www.ottawafoodbank.ca\/fr\/accueil\/"},{"@type":"ListItem","position":2,"name":"\u00c9v\u00e8nements","item":"https:\/\/www.ottawafoodbank.ca\/fr\/events\/"},{"@type":"ListItem","position":3,"name":"Collecte d\u2019aliments de l\u2019Action de gr\u00e2ce"}]},{"@type":"WebSite","@id":"https:\/\/www.ottawafoodbank.ca\/fr\/#website","url":"https:\/\/www.ottawafoodbank.ca\/fr\/","name":"Ottawa Food Bank","description":"People succeed when they aren&#039;t hungry. We make that happen.","publisher":{"@id":"https:\/\/www.ottawafoodbank.ca\/fr\/#organization"},"potentialAction":[{"@type":"SearchAction","target":{"@type":"EntryPoint","urlTemplate":"https:\/\/www.ottawafoodbank.ca\/fr\/?s={search_term_string}"},"query-input":{"@type":"PropertyValueSpecification","valueRequired":true,"valueName":"search_term_string"}}],"inLanguage":"fr-FR"},{"@type":"Organization","@id":"https:\/\/www.ottawafoodbank.ca\/fr\/#organization","name":"Ottawa Food Bank","url":"https:\/\/www.ottawafoodbank.ca\/fr\/","logo":{"@type":"ImageObject","inLanguage":"fr-FR","@id":"https:\/\/www.ottawafoodbank.ca\/fr\/#\/schema\/logo\/image\/","url":"https:\/\/www.ottawafoodbank.ca\/wp-content\/uploads\/2019\/07\/OFB-logo2011-R-BILING.jpg","contentUrl":"https:\/\/www.ottawafoodbank.ca\/wp-content\/uploads\/2019\/07\/OFB-logo2011-R-BILING.jpg","width":466,"height":259,"caption":"Ottawa Food Bank"},"image":{"@id":"https:\/\/www.ottawafoodbank.ca\/fr\/#\/schema\/logo\/image\/"},"sameAs":["http:\/\/www.facebook.com\/OttawaFoodBank","https:\/\/x.com\/OttawaFoodBank","https:\/\/instagram.com\/ottawafoodbank","http:\/\/www.youtube.com\/ottawafoodbank"]}]}},"_links":{"self":[{"href":"https:\/\/www.ottawafoodbank.ca\/fr\/wp-json\/wp\/v2\/tribe_events\/44146","targetHints":{"allow":["GET"]}}],"collection":[{"href":"https:\/\/www.ottawafoodbank.ca\/fr\/wp-json\/wp\/v2\/tribe_events"}],"about":[{"href":"https:\/\/www.ottawafoodbank.ca\/fr\/wp-json\/wp\/v2\/types\/tribe_events"}],"author":[{"embeddable":true,"href":"https:\/\/www.ottawafoodbank.ca\/fr\/wp-json\/wp\/v2\/users\/1"}],"version-history":[{"count":3,"href":"https:\/\/www.ottawafoodbank.ca\/fr\/wp-json\/wp\/v2\/tribe_events\/44146\/revisions"}],"predecessor-version":[{"id":44149,"href":"https:\/\/www.ottawafoodbank.ca\/fr\/wp-json\/wp\/v2\/tribe_events\/44146\/revisions\/44149"}],"wp:featuredmedia":[{"embeddable":true,"href":"https:\/\/www.ottawafoodbank.ca\/fr\/wp-json\/wp\/v2\/media\/44138"}],"wp:attachment":[{"href":"https:\/\/www.ottawafoodbank.ca\/fr\/wp-json\/wp\/v2\/media?parent=44146"}],"wp:term":[{"taxonomy":"post_tag","embeddable":true,"href":"https:\/\/www.ottawafoodbank.ca\/fr\/wp-json\/wp\/v2\/tags?post=44146"},{"taxonomy":"tribe_events_cat","embeddable":true,"href":"https:\/\/www.ottawafoodbank.ca\/fr\/wp-json\/wp\/v2\/tribe_events_cat?post=44146"}],"curies":[{"name":"wp","href":"https:\/\/api.w.org\/{rel}","templated":true}]}}